{"id":452,"date":"2025-05-23T12:49:22","date_gmt":"2025-05-23T15:49:22","guid":{"rendered":"https:\/\/glinkfibra.com.br\/?page_id=452"},"modified":"2025-05-23T13:03:11","modified_gmt":"2025-05-23T16:03:11","slug":"politica-de-privacidade","status":"publish","type":"page","link":"https:\/\/glinkfibra.com.br\/index.php\/politica-de-privacidade\/","title":{"rendered":"Pol\u00edtica de privacidade"},"content":{"rendered":"\t\t<div data-elementor-type=\"wp-page\" data-elementor-id=\"452\" class=\"elementor elementor-452\" data-elementor-post-type=\"page\">\n\t\t\t\t\t\t\t<div class=\"elementor-element elementor-element-edc236c e-flex e-con-boxed wpr-particle-no wpr-jarallax-no wpr-parallax-no wpr-sticky-section-no e-con e-parent\" data-id=\"edc236c\" data-element_type=\"container\" data-settings=\"{&quot;content_width&quot;:&quot;boxed&quot;}\" data-core-v316-plus=\"true\">\n\t\t\t\t\t<div class=\"e-con-inner\">\n\t\t\t\t<div class=\"elementor-element elementor-element-e28c590 elementor-widget elementor-widget-text-editor\" data-id=\"e28c590\" data-element_type=\"widget\" data-widget_type=\"text-editor.default\">\n\t\t\t\t<div class=\"elementor-widget-container\">\n\t\t\t<style>\/*! elementor - v3.16.0 - 20-09-2023 *\/\n.elementor-widget-text-editor.elementor-drop-cap-view-stacked .elementor-drop-cap{background-color:#69727d;color:#fff}.elementor-widget-text-editor.elementor-drop-cap-view-framed .elementor-drop-cap{color:#69727d;border:3px solid;background-color:transparent}.elementor-widget-text-editor:not(.elementor-drop-cap-view-default) .elementor-drop-cap{margin-top:8px}.elementor-widget-text-editor:not(.elementor-drop-cap-view-default) .elementor-drop-cap-letter{width:1em;height:1em}.elementor-widget-text-editor .elementor-drop-cap{float:left;text-align:center;line-height:1;font-size:50px}.elementor-widget-text-editor .elementor-drop-cap-letter{display:inline-block}<\/style>\t\t\t\t<p class=\"s5\"><span class=\"s4\">POL\u00cdTICA DE PRIVACIDADE E PROTE\u00c7\u00c3O DE DADOS<\/span><\/p><p class=\"s7\"><span class=\"s4\">XXXXXXXXXXXXXXXX<\/span><span class=\"s4\">, <\/span><span class=\"s6\">inscrita no CNPJ <\/span><span class=\"s6\">XXXXXXXXXXXX<\/span><span class=\"s6\">, com sede na Rua <\/span><span class=\"s6\">XXXXXXX<\/span><span class=\"s6\">, n\u00b0 <\/span><span class=\"s6\">XX<\/span><span class=\"s6\">, <\/span><span class=\"s6\">no bairro <\/span><span class=\"s6\">XXXXXXXX<\/span><span class=\"s6\">, CEP &#8211;<\/span> <span class=\"s6\">XXXXXXXXX<\/span><span class=\"s6\">. \u00a0Esta Pol\u00edtica tem como objetivo evidenciar que <\/span><span class=\"s6\">a empresa<\/span><span class=\"s4\"> XXXXXXXXXXX<\/span><span class=\"s6\">, compromete-se com a privacidade e a prote\u00e7\u00e3o dos dados pessoais de seus clientes, colaboradores e parceiros. Esta Pol\u00edtica de Privacidade explica como coletamos, utilizamos, armazenamos e protegemos as informa\u00e7\u00f5es fornecidas por voc\u00ea.<\/span><\/p><p class=\"s8\"><span class=\"s4\">DADOS COLETADOS <\/span><\/p><div class=\"s7\"><span class=\"s9\">A. <\/span><span class=\"s4\">Informa\u00e7\u00f5es coletadas<\/span><span class=\"s4\">: <\/span><span class=\"s6\">Nome Completo ou Nome Empresarial, CPF ou CNPJ, RG ou IE, contato, endere\u00e7o de i<\/span><a name=\"_GoBack\"><\/a><span class=\"s6\">ns<\/span><span class=\"s6\">tala\u00e7\u00e3o e endere\u00e7o de cobran\u00e7a, <\/span><span class=\"s6\">xxxxxxxxxxxxxxxxxxxxx<\/span><span class=\"s6\">.<\/span><\/div><p class=\"s8\"><span class=\"s4\">FINALIDADE E ARMAZENAMENTO DOS DADOS <\/span><\/p><div class=\"s8\"><span class=\"s10\">A. <\/span><span class=\"s4\">F<\/span><span class=\"s4\">inalidades comerciais<\/span><span class=\"s4\">:<\/span> <span class=\"s6\">armazenados apenas pelo tempo necess\u00e1rio<\/span><span class=\"s6\">, utiliza\u00e7\u00e3o <\/span><span class=\"s6\">esta, autorizada expressamente pelo CONTRATANTE, inclusive permitindo o envio das informa\u00e7\u00f5es necess\u00e1rias para a emiss\u00e3o dos documentos de cobran\u00e7a, notifica\u00e7\u00f5es, SMS, e-mails, <\/span><span class=\"s6\">WhatsApp<\/span><span class=\"s6\"> relacionadas aos servi\u00e7os prestados, bem como, para os atos necess\u00e1rios \u00e0 cobran\u00e7a dos d\u00e9bitos (inscri\u00e7\u00e3o nos \u00f3rg\u00e3os de prote\u00e7\u00e3o ao cr\u00e9dito, protesto de t\u00edtulos e execu\u00e7\u00f5es);<\/span><\/div><p class=\"s8\"><span class=\"s4\">COMPARTILHAMENTO DE DADOS COM TERCEIROS<\/span><\/p><p class=\"s7\"><span class=\"s4\">A<\/span><span class=\"s4\">.<\/span><span class=\"s6\"> O acesso aos Dados Pessoais ser\u00e1 limitado <\/span><span class=\"s6\">aos (<\/span><span class=\"s6\">\u00e0s) <\/span><span class=\"s6\">empregados (<\/span><span class=\"s6\">as) <\/span><span class=\"s6\">do (<\/span><span class=\"s6\">a) <\/span><span class=\"s4\">XXXXXXXXX<\/span><span class=\"s6\"> que tiverem necessidades comerci<\/span><span class=\"s6\">ais e leg\u00edtimas para acess\u00e1-la. E caso haja viola\u00e7\u00f5es o empregado ser\u00e1 responsabilizado com possibilidade de imposi\u00e7\u00e3o de san\u00e7\u00f5es e penalidades. <\/span><\/p><p class=\"s7\"><span class=\"s4\">B<\/span><span class=\"s4\">.<\/span><span class=\"s6\"> O <\/span><span class=\"s4\">XXXXXXXXX<\/span> <span class=\"s6\">n\u00e3o disponibilizar\u00e1 Dados Pessoais advindos da rela\u00e7\u00e3o com o <\/span><span class=\"s4\">CONTRATANTE<\/span><span class=\"s6\"> a qualquer terceiro (a), incluindo fornecedores, exceto se expressamente autorizado por escrito pelo <\/span><span class=\"s4\">CONTRATANTE<\/span><span class=\"s6\"> ou por meio de solicita\u00e7\u00e3o por autoridade competente (<\/span><a href=\"http:\/\/legislacao.planalto.gov.br\/legisla\/legislacao.nsf\/Viw_Identificacao\/lei%2012.965-2014?OpenDocument\"><span class=\"s11\">Lei N\u00ba 12.965\/2014<\/span><\/a> <span class=\"s6\">e<\/span> <a href=\"http:\/\/legislacao.planalto.gov.br\/legisla\/legislacao.nsf\/Viw_Identificacao\/DEC%208.771-2016?OpenDocument\"><span class=\"s11\">Decreto N\u00ba 8.771\/2016<\/span><\/a><span class=\"s6\">) ou<\/span> <span class=\"s6\">determina\u00e7\u00e3o legal. <\/span><\/p><p class=\"s8\"><span class=\"s4\">RESPONSABILIDADE PELA SEGURAN\u00c7A DOS DADOS<\/span><\/p><p class=\"s7\"><span class=\"s4\">A. <\/span><span class=\"s6\">A<\/span> <span class=\"s4\">XXXXXXXXX<\/span> <span class=\"s6\">n\u00e3o dever\u00e1 aferir lucro por meio do compartilhamento n\u00e3o autorizado pelo <\/span><span class=\"s4\">CONTRATANTE<\/span><span class=\"s6\"> dos Dados Pessoais advindo da presente rela\u00e7\u00e3o contratual para quaisquer prop\u00f3sitos. <\/span><\/p><p class=\"s7\"><span class=\"s4\">B.<\/span><span class=\"s6\"> A<\/span> <span class=\"s4\">XXXXXXXXX<\/span> <span class=\"s6\">n\u00e3o dever\u00e1 utilizar os Dados Pessoais de quaisquer maneiras que prejudiquem o <\/span><span class=\"s4\">CONTRATANTE<\/span><span class=\"s6\"> ou que beneficiem terceiros em detrimento do <\/span><span class=\"s4\">CONTRATANTE<\/span><span class=\"s6\">.<\/span><\/p><p class=\"s7\"><span class=\"s4\">C<\/span><span class=\"s4\">.<\/span><span class=\"s6\"> O <\/span><span class=\"s4\">XXXXXXXXX<\/span><span class=\"s6\"> concorda<\/span><span class=\"s6\"> em implementar medidas legais, t\u00e9cnicas e organizacionais para proteger Dados Pessoais contra o tratamento n\u00e3o autorizado ou ilegal e contra perda, destrui\u00e7\u00e3o, dano, altera\u00e7\u00e3o ou disponibiliza\u00e7\u00e3o n\u00e3o autorizadas, bem como de qualquer viola\u00e7\u00e3o ou tentativa de viola\u00e7\u00e3o \u00e0s medidas de seguran\u00e7a do <\/span><span class=\"s4\">CONTRATANTE<\/span><span class=\"s6\"> (\u201cIncidente\u201d). <\/span><\/p><p class=\"s7\"><span class=\"s4\">D.<\/span> <span class=\"s6\">A <\/span><span class=\"s4\">XXXXXXXXX<\/span> <span class=\"s6\">dever\u00e1 notificar prontamente o <\/span><span class=\"s4\">CONTRATANTE<\/span><span class=\"s6\"> sobre evento em que o <\/span><span class=\"s4\">CONTRATADO<\/span><span class=\"s6\"> saiba ou tenha motivos razo\u00e1veis para acreditar na ocorr\u00eancia de um Incidente, incluindo pelo menos: (1) a natureza da viola\u00e7\u00e3o \u00e0s medidas de seguran\u00e7a; (2) os tipos de Dados Pessoais potencialmente comprometidos ou vazados; (3) a dura\u00e7\u00e3o e consequ\u00eancias esperadas <\/span><span class=\"s6\">do Incidente; e (4) quaisquer medidas para mitiga\u00e7\u00e3o ou remedia\u00e7\u00e3o tomadas ou planejadas em resposta ao Incidente. <\/span><\/p><p class=\"s7\"><span class=\"s4\">E.<\/span><span class=\"s6\"> Em rela\u00e7\u00e3o a qualquer descoberta, <\/span><span class=\"s6\">a <\/span><span class=\"s4\">XXXXXXXXX<\/span> <span class=\"s6\">(i) tomar\u00e1 todas as medidas razo\u00e1veis para investigar, remediar e mitigar os efeitos do Incidente, e (ii) fornecer\u00e1 ao <\/span><span class=\"s4\">CONTRATANTE<\/span><span class=\"s6\">garantias razoavelmente satisfat\u00f3rias de que tal Incidente n\u00e3o tornar\u00e1 a ocorrer. <\/span><\/p><p class=\"s7\"><span class=\"s4\">F. <\/span><span class=\"s6\">A <\/span><span class=\"s4\">XXXXXXXXX<\/span> <span class=\"s6\">se compromete a eliminar todos os dados pessoais do <\/span><span class=\"s4\">CONTRATANTE<\/span><span class=\"s6\"> ap\u00f3s um ano do t\u00e9rmino da rela\u00e7\u00e3o contratual, salvo se houverem d\u00e9bitos a receber, onde apenas os dados necess\u00e1rios para identifica\u00e7\u00e3o e cobran\u00e7a do d\u00e9bito ser\u00e3o guardados at\u00e9 a sua quita\u00e7\u00e3o. <\/span><\/p><p class=\"s8\"><span class=\"s4\">DO CONSENTIMENTO \u2013 LEI GERAL DE PROTEC\u0327A\u0303 O DE DADOS (LEI N\u00ba 13.709\/18)<\/span><\/p><p class=\"s7\"><span class=\"s6\">Ao ler a Pol\u00edtica de Privacidade e decidir utilizar os servi\u00e7os oferecidos pela <\/span><span class=\"s4\">XXXXXXXXX<\/span><span class=\"s6\">, o cliente, candidato, colaborador e parceiros consentem de forma clara e expressa, com o tratamento de seus dados pessoais para a presta\u00e7\u00e3o eficiente e seguran\u00e7a de nossos relacionamentos.<\/span><\/p><p class=\"s7\"><span class=\"s4\">FINALIDAE DE INSTRUMENTOS:<\/span><\/p><p class=\"s7\"><span class=\"s4\">A.<\/span> <span class=\"s4\">Dados Pessoais:<\/span><span class=\"s6\"> significa qualquer informa\u00e7\u00e3o pessoal n\u00e3o p\u00fablica coletada diretamente das Partes, incluindo, mas n\u00e3o limitado a, nome completo, data de nascimento, nacionalidade, endere\u00e7o pessoal, geolocaliza\u00e7\u00e3o, profiss\u00e3o e informa\u00e7\u00f5es financeiras, tais como ativos, fonte de recursos e riqueza, informa\u00e7\u00f5es sobre renda, carteira e contas, bem como quaisquer outros dados pessoais, conforme descrito na Lei de Prote\u00e7\u00e3o de Dados do Brasil (Lei n\u00ba 13.709\/2018 \u2013 \u201cLGPD\u201d) e demais legisla\u00e7\u00f5es esparsas aplic\u00e1veis a dados pessoais no Brasil.<\/span><\/p><p class=\"s7\"><span class=\"s4\">B.<\/span><span class=\"s4\"> Tratamento de Dados Pessoais:<\/span><span class=\"s6\"> significa a coleta, produ\u00e7\u00e3o, recep\u00e7\u00e3o, classifica\u00e7\u00e3o, utiliza\u00e7\u00e3o, acesso, reprodu\u00e7\u00e3o, transmiss\u00e3o, distribui\u00e7\u00e3o, processamento, arquivamento, armazenamento, atualiza\u00e7\u00e3o, elimina\u00e7\u00e3o, avalia\u00e7\u00e3o, controle, modifica\u00e7\u00e3o, comunica\u00e7\u00e3o, transfer\u00eancia, difus\u00e3o ou extra\u00e7\u00e3o de Dados Pessoais.<\/span><\/p><p class=\"s8\"><span class=\"s4\">DISPOSI\u00c7\u00d5ES GERAIS<\/span><\/p><p class=\"s7\"><span class=\"s6\">Caso haja mudan\u00e7as na maneira como os Dados Pessoais s\u00e3o tratados, esta Pol\u00edtica de<\/span><\/p><p class=\"s7\"><span class=\"s6\">Privacidade ser\u00e1 atualizada. Reservamo-nos o direito de modificar esta Pol\u00edtica a qualquer momento, sempre que necess\u00e1rio. Recomendamos acompanhar nosso site regularmente para veri<\/span><span class=\"s6\">ficar poss\u00edveis atualiza\u00e7\u00f5es as altera\u00e7\u00f5es<\/span><span class=\"s6\">.<\/span><\/p><p class=\"s7\"><span class=\"s6\">Caso tenha d\u00favidas sobre esta Pol\u00edtica de Privacidade ou deseje exercer seus direitos como<\/span><\/p><p class=\"s7\"><span class=\"s6\">Titular<\/span><span class=\"s6\"> de dados, entre em contato conosco por meio do e-mai<\/span><span class=\"s6\">l: <\/span><span class=\"s6\">xxx@<\/span><span class=\"s6\">xxxxxxxxxxxxxx<\/span><span class=\"s6\"> ou pelo <\/span><span class=\"s6\">telefone: <\/span><span class=\"s6\">(XX) XXXX-XXXX<\/span><span class=\"s6\">.<\/span><\/p><p class=\"s7\"><span class=\"s6\">Esta Pol\u00edtica entra em vigor a partir da data de sua publica\u00e7\u00e3o.\u00a0<\/span><\/p>\t\t\t\t\t\t<\/div>\n\t\t\t\t<\/div>\n\t\t\t\t\t<\/div>\n\t\t\t\t<\/div>\n\t\t\t\t\t\t\t<\/div>\n\t\t","protected":false},"excerpt":{"rendered":"<p>POL\u00cdTICA DE PRIVACIDADE E PROTE\u00c7\u00c3O DE DADOS XXXXXXXXXXXXXXXX, inscrita no CNPJ XXXXXXXXXXXX, com sede na Rua XXXXXXX, n\u00b0 XX, no bairro XXXXXXXX, CEP &#8211; XXXXXXXXX. \u00a0Esta Pol\u00edtica tem como objetivo evidenciar que a empresa XXXXXXXXXXX, compromete-se com a privacidade e a prote\u00e7\u00e3o dos dados pessoais de seus clientes, colaboradores e parceiros. Esta Pol\u00edtica de Privacidade [&hellip;]<\/p>\n","protected":false},"author":1,"featured_media":0,"parent":0,"menu_order":0,"comment_status":"closed","ping_status":"closed","template":"elementor_header_footer","meta":{"_joinchat":[],"footnotes":""},"class_list":["post-452","page","type-page","status-publish","hentry"],"_links":{"self":[{"href":"https:\/\/glinkfibra.com.br\/index.php\/wp-json\/wp\/v2\/pages\/452","targetHints":{"allow":["GET"]}}],"collection":[{"href":"https:\/\/glinkfibra.com.br\/index.php\/wp-json\/wp\/v2\/pages"}],"about":[{"href":"https:\/\/glinkfibra.com.br\/index.php\/wp-json\/wp\/v2\/types\/page"}],"author":[{"embeddable":true,"href":"https:\/\/glinkfibra.com.br\/index.php\/wp-json\/wp\/v2\/users\/1"}],"replies":[{"embeddable":true,"href":"https:\/\/glinkfibra.com.br\/index.php\/wp-json\/wp\/v2\/comments?post=452"}],"version-history":[{"count":7,"href":"https:\/\/glinkfibra.com.br\/index.php\/wp-json\/wp\/v2\/pages\/452\/revisions"}],"predecessor-version":[{"id":466,"href":"https:\/\/glinkfibra.com.br\/index.php\/wp-json\/wp\/v2\/pages\/452\/revisions\/466"}],"wp:attachment":[{"href":"https:\/\/glinkfibra.com.br\/index.php\/wp-json\/wp\/v2\/media?parent=452"}],"curies":[{"name":"wp","href":"https:\/\/api.w.org\/{rel}","templated":true}]}}